{"id":24286,"date":"2024-02-27T15:26:07","date_gmt":"2024-02-27T20:26:07","guid":{"rendered":"https:\/\/rvf.ca\/?post_type=calendrier-2024&#038;p=24286"},"modified":"2024-02-29T14:20:06","modified_gmt":"2024-02-29T19:20:06","slug":"lever-du-drapeau-fransaskois","status":"publish","type":"calendrier-2024","link":"https:\/\/rvf.ca\/en\/2024-calendar\/lever-du-drapeau-fransaskois\/","title":{"rendered":"Lever du drapeau Fransaskois"},"content":{"rendered":"<p><b>Retrouvez-nous pour assister avec les \u00e9l\u00e8ves de l&#8217;\u00c9cole Canadienne-Fran\u00e7aise \u00e0 la lev\u00e9e du drapeau fransaskois en l\u2019occasion des Rendez-vous de la francophonie. Un programme protocolaire inclut des repr\u00e9sentants du gouvernements provincial Saskatchewanais et de la communaut\u00e9 fransaskoise. Les \u00e9l\u00e8ves seront invit\u00e9s \u00e0 dire quelques mots puis \u00e0 chanter l\u2019hymne national. L&#8217;\u00e9v\u00e9nement est ouvert \u00e0 toute notre communaut\u00e9 francophone ainsi qu&#8217;au grand public. Soyons fiers de nos couleurs fransaskoises !<\/b><\/p>\n","protected":false},"featured_media":23508,"template":"","format-de-lactivite-du-calendri":[99],"class_list":["post-24286","calendrier-2024","type-calendrier-2024","status-publish","has-post-thumbnail","hentry","format-de-lactivite-du-calendri-activite-normal"],"_links":{"self":[{"href":"https:\/\/rvf.ca\/en\/wp-json\/wp\/v2\/calendrier-2024\/24286","targetHints":{"allow":["GET"]}}],"collection":[{"href":"https:\/\/rvf.ca\/en\/wp-json\/wp\/v2\/calendrier-2024"}],"about":[{"href":"https:\/\/rvf.ca\/en\/wp-json\/wp\/v2\/types\/calendrier-2024"}],"wp:featuredmedia":[{"embeddable":true,"href":"https:\/\/rvf.ca\/en\/wp-json\/wp\/v2\/media\/23508"}],"wp:attachment":[{"href":"https:\/\/rvf.ca\/en\/wp-json\/wp\/v2\/media?parent=24286"}],"wp:term":[{"taxonomy":"format-de-lactivite-du-calendri","embeddable":true,"href":"https:\/\/rvf.ca\/en\/wp-json\/wp\/v2\/format-de-lactivite-du-calendri?post=24286"}],"curies":[{"name":"wp","href":"https:\/\/api.w.org\/{rel}","templated":true}]}}