{"id":25805,"date":"2024-03-22T16:51:37","date_gmt":"2024-03-22T20:51:37","guid":{"rendered":"https:\/\/rvf.ca\/?post_type=calendrier-2024&#038;p=25805"},"modified":"2024-03-22T17:44:48","modified_gmt":"2024-03-22T21:44:48","slug":"le-francoquiz","status":"publish","type":"calendrier-2024","link":"https:\/\/rvf.ca\/en\/2024-calendar\/le-francoquiz\/","title":{"rendered":"Le FrancoQuiz"},"content":{"rendered":"<p>Le\u00a0FrancoQuiz\u00a0est une application qui a \u00e9t\u00e9 con\u00e7ue par un groupe d\u2019organismes membres de\u00a0La F\u00e9d\u00e9ration des francophones de la Colombie-Britannique\u00a0pour contribuer au rayonnement et \u00e0 la transmission de la langue fran\u00e7aise et des cultures francophones.<\/p>\n<p>&nbsp;<\/p>\n<p>Le FrancoQuiz est un jeu innovant, amusant et \u00e9ducatif. Les utilisateurs et utilisatrices peuvent d\u00e9couvrir \u2013 en fran\u00e7ais, comme en anglais \u2013 la francophonie en milieu minoritaire et toutes ses contributions pass\u00e9es et pr\u00e9sentes au territoire dynamique et attractif qu\u2019est la Colombie-Britannique.<\/p>\n<p>&nbsp;<\/p>\n<p><img fetchpriority=\"high\" decoding=\"async\" class=\"size-full wp-image-25813 aligncenter\" src=\"https:\/\/rvf.ca\/wp-content\/uploads\/QR-CODE-300x300-1.webp\" alt=\"\" width=\"300\" height=\"300\" \/><\/p>\n","protected":false},"featured_media":25810,"template":"","format-de-lactivite-du-calendri":[],"class_list":["post-25805","calendrier-2024","type-calendrier-2024","status-publish","has-post-thumbnail","hentry"],"_links":{"self":[{"href":"https:\/\/rvf.ca\/en\/wp-json\/wp\/v2\/calendrier-2024\/25805","targetHints":{"allow":["GET"]}}],"collection":[{"href":"https:\/\/rvf.ca\/en\/wp-json\/wp\/v2\/calendrier-2024"}],"about":[{"href":"https:\/\/rvf.ca\/en\/wp-json\/wp\/v2\/types\/calendrier-2024"}],"wp:featuredmedia":[{"embeddable":true,"href":"https:\/\/rvf.ca\/en\/wp-json\/wp\/v2\/media\/25810"}],"wp:attachment":[{"href":"https:\/\/rvf.ca\/en\/wp-json\/wp\/v2\/media?parent=25805"}],"wp:term":[{"taxonomy":"format-de-lactivite-du-calendri","embeddable":true,"href":"https:\/\/rvf.ca\/en\/wp-json\/wp\/v2\/format-de-lactivite-du-calendri?post=25805"}],"curies":[{"name":"wp","href":"https:\/\/api.w.org\/{rel}","templated":true}]}}